{"id":6,"date":"2023-10-13T21:20:54","date_gmt":"2023-10-13T19:20:54","guid":{"rendered":"https:\/\/www.asociaciaam.sk\/?page_id=6"},"modified":"2024-09-05T10:44:48","modified_gmt":"2024-09-05T08:44:48","slug":"clenska-zona-saam","status":"publish","type":"page","link":"https:\/\/www.asociaciaam.sk\/","title":{"rendered":"\u010clensk\u00e1 z\u00f3na SAAM"},"content":{"rendered":"\n<figure class=\"wp-block-image size-full\"><img loading=\"lazy\" decoding=\"async\" width=\"318\" height=\"143\" src=\"https:\/\/www.asociaciaam.sk\/wp-content\/uploads\/2024\/01\/SAAM-long-centered.jpg\" alt=\"\" class=\"wp-image-14\" srcset=\"https:\/\/www.asociaciaam.sk\/wp-content\/uploads\/2024\/01\/SAAM-long-centered.jpg 318w, https:\/\/www.asociaciaam.sk\/wp-content\/uploads\/2024\/01\/SAAM-long-centered-300x135.jpg 300w\" sizes=\"auto, (max-width: 318px) 100vw, 318px\" \/><\/figure>\n\n\n\n<p>V\u00e1\u017een\u00fd \u010dlen Slovenskej asoci\u00e1cie Age managementu,<\/p>\n\n\n\n<p>srde\u010dne v\u00e1s v\u00edtam na str\u00e1nke na\u0161ej asoci\u00e1cie v r\u00e1mci \u010dlenskej z\u00f3ny. Je pre n\u00e1s pote\u0161en\u00edm priv\u00edta\u0165 v\u00e1s tu, kde m\u00f4\u017eete z\u00edskava\u0165 relevantn\u00e9 inform\u00e1cie, zdie\u013ea\u0165 sk\u00fasenosti a plnohodnotne sa zap\u00e1ja\u0165 do diania n\u00e1\u0161ho spolo\u010denstva. <br>\u010clenstvo v asoci\u00e1cii je cestou k spolo\u010dn\u00e9mu \u00faspechu a rastu, a sme radi, \u017ee s nami m\u00e1te t\u00fato cestu kr\u00e1\u010da\u0165. D\u00fafame, \u017ee na\u0161a \u010dlensk\u00e1 z\u00f3na v\u00e1m poskytne prostredie, kde n\u00e1jdete hodnotn\u00fa podporu a pr\u00edle\u017eitosti pre v\u00e1\u0161 profesijn\u00fd aj osobn\u00fd rozvoj.<\/p>\n\n\n\n<p>S \u00factou,<br>Spr\u00e1vca port\u00e1lu<\/p>\n\n\n\n<div class=\"wp-block-buttons is-layout-flex wp-block-buttons-is-layout-flex\">\n<div class=\"wp-block-button\"><a class=\"wp-block-button__link wp-element-button\" href=\"https:\/\/www.asociaciaam.sk\/index.php\/clenska-zona-saam\/aktuality-a-planovane-udalosti\/\">Aktuality a pl\u00e1novan\u00e9 udalosti<\/a><\/div>\n\n\n\n<div class=\"wp-block-button\"><a class=\"wp-block-button__link wp-element-button\" href=\"https:\/\/www.asociaciaam.sk\/index.php\/clenska-zona-saam\/dokumenty-a-spravy\/\">Dokumenty asoci\u00e1cie<\/a><\/div>\n\n\n\n<div class=\"wp-block-button\"><a class=\"wp-block-button__link wp-element-button\" href=\"https:\/\/www.asociaciaam.sk\/index.php\/clenska-zona-saam\/aktivity-pre-clenov-a-komunikacia\/\">Aktivity a komunik\u00e1cia v asoci\u00e1cii <\/a><\/div>\n\n\n\n<div class=\"wp-block-button\"><a class=\"wp-block-button__link wp-element-button\" href=\"https:\/\/www.asociaciaam.sk\/index.php\/clenska-zona-saam\/vzdelavanie-clenov-asociacie\/\">Vzdel\u00e1vanie \u010dlenov asoci\u00e1cie<\/a><\/div>\n<\/div>\n","protected":false},"excerpt":{"rendered":"<p>V\u00e1\u017een\u00fd \u010dlen Slovenskej asoci\u00e1cie Age managementu, srde\u010dne v\u00e1s v\u00edtam na str\u00e1nke na\u0161ej asoci\u00e1cie v r\u00e1mci \u010dlenskej z\u00f3ny. Je pre n\u00e1s pote\u0161en\u00edm priv\u00edta\u0165 v\u00e1s tu, kde m\u00f4\u017eete z\u00edskava\u0165 relevantn\u00e9 inform\u00e1cie, zdie\u013ea\u0165 sk\u00fasenosti a plnohodnotne sa zap\u00e1ja\u0165 do diania n\u00e1\u0161ho spolo\u010denstva. \u010clenstvo v asoci\u00e1cii je cestou k spolo\u010dn\u00e9mu \u00faspechu a rastu, a sme radi, \u017ee s nami [&hellip;]<\/p>\n","protected":false},"author":1,"featured_media":0,"parent":0,"menu_order":0,"comment_status":"closed","ping_status":"closed","template":"","meta":{"footnotes":""},"class_list":["post-6","page","type-page","status-publish","hentry"],"jetpack_sharing_enabled":true,"_links":{"self":[{"href":"https:\/\/www.asociaciaam.sk\/index.php\/wp-json\/wp\/v2\/pages\/6","targetHints":{"allow":["GET"]}}],"collection":[{"href":"https:\/\/www.asociaciaam.sk\/index.php\/wp-json\/wp\/v2\/pages"}],"about":[{"href":"https:\/\/www.asociaciaam.sk\/index.php\/wp-json\/wp\/v2\/types\/page"}],"author":[{"embeddable":true,"href":"https:\/\/www.asociaciaam.sk\/index.php\/wp-json\/wp\/v2\/users\/1"}],"replies":[{"embeddable":true,"href":"https:\/\/www.asociaciaam.sk\/index.php\/wp-json\/wp\/v2\/comments?post=6"}],"version-history":[{"count":7,"href":"https:\/\/www.asociaciaam.sk\/index.php\/wp-json\/wp\/v2\/pages\/6\/revisions"}],"predecessor-version":[{"id":96,"href":"https:\/\/www.asociaciaam.sk\/index.php\/wp-json\/wp\/v2\/pages\/6\/revisions\/96"}],"wp:attachment":[{"href":"https:\/\/www.asociaciaam.sk\/index.php\/wp-json\/wp\/v2\/media?parent=6"}],"curies":[{"name":"wp","href":"https:\/\/api.w.org\/{rel}","templated":true}]}}